{"version":"1.0","provider_name":"Jornal da Bairrada","provider_url":"https:\/\/www.jb.pt","author_name":"Manuel Zappa","author_url":"https:\/\/www.jb.pt\/author\/zappa\/","title":"RD \u00c1gueda revalida t\u00edtulo distrital na Palha\u00e7a - Jornal da Bairrada","type":"rich","width":600,"height":338,"html":"<blockquote class=\"wp-embedded-content\" data-secret=\"0jk41PhHRY\"><a href=\"https:\/\/www.jb.pt\/2018\/12\/rd-agueda-revalida-titulo-distrital-na-palhaca\/\">RD \u00c1gueda revalida t\u00edtulo distrital na Palha\u00e7a<\/a><\/blockquote><iframe sandbox=\"allow-scripts\" security=\"restricted\" src=\"https:\/\/www.jb.pt\/2018\/12\/rd-agueda-revalida-titulo-distrital-na-palhaca\/embed\/#?secret=0jk41PhHRY\" width=\"600\" height=\"338\" title=\"&#8220;RD \u00c1gueda revalida t\u00edtulo distrital na Palha\u00e7a&#8221; &#8212; Jornal da Bairrada\" data-secret=\"0jk41PhHRY\" frameborder=\"0\" marginwidth=\"0\" marginheight=\"0\" scrolling=\"no\" class=\"wp-embedded-content\"><\/iframe><script type=\"text\/javascript\">\n\/* <![CDATA[ *\/\n\/*! This file is auto-generated *\/\n!function(d,l){\"use strict\";l.querySelector&&d.addEventListener&&\"undefined\"!=typeof URL&&(d.wp=d.wp||{},d.wp.receiveEmbedMessage||(d.wp.receiveEmbedMessage=function(e){var t=e.data;if((t||t.secret||t.message||t.value)&&!\/[^a-zA-Z0-9]\/.test(t.secret)){for(var s,r,n,a=l.querySelectorAll('iframe[data-secret=\"'+t.secret+'\"]'),o=l.querySelectorAll('blockquote[data-secret=\"'+t.secret+'\"]'),c=new RegExp(\"^https?:$\",\"i\"),i=0;i<o.length;i++)o[i].style.display=\"none\";for(i=0;i<a.length;i++)s=a[i],e.source===s.contentWindow&&(s.removeAttribute(\"style\"),\"height\"===t.message?(1e3<(r=parseInt(t.value,10))?r=1e3:~~r<200&&(r=200),s.height=r):\"link\"===t.message&&(r=new URL(s.getAttribute(\"src\")),n=new URL(t.value),c.test(n.protocol))&&n.host===r.host&&l.activeElement===s&&(d.top.location.href=t.value))}},d.addEventListener(\"message\",d.wp.receiveEmbedMessage,!1),l.addEventListener(\"DOMContentLoaded\",function(){for(var e,t,s=l.querySelectorAll(\"iframe.wp-embedded-content\"),r=0;r<s.length;r++)(t=(e=s[r]).getAttribute(\"data-secret\"))||(t=Math.random().toString(36).substring(2,12),e.src+=\"#?secret=\"+t,e.setAttribute(\"data-secret\",t)),e.contentWindow.postMessage({message:\"ready\",secret:t},\"*\")},!1)))}(window,document);\n\/\/# sourceURL=https:\/\/www.jb.pt\/wp-includes\/js\/wp-embed.min.js\n\/* ]]> *\/\n<\/script>\n","thumbnail_url":"https:\/\/www.jb.pt\/wp-content\/uploads\/2018\/12\/atletismo_Agueda.jpg","thumbnail_width":1024,"thumbnail_height":458,"description":"A XVII edi\u00e7\u00e3o do Grande Pr\u00e9mio de Atletismo \u201cVila da Palha\u00e7a \u2013 Oliveira do Bairro\u201d trouxe \u00e0s ruas da Palha\u00e7a mais de meio milhar de participantes, com um n\u00edvel de participa\u00e7\u00e3o como h\u00e1 muito n\u00e3o se via, transformando esta edi\u00e7\u00e3o numa das melhores de sempre. Ant\u00f3nio Pedro Rocha (CD S\u00e3o Salvador do Campo) repetiu o [&hellip;]"}