{"version":"1.0","provider_name":"Jornal da Bairrada","provider_url":"https:\/\/www.jb.pt","author_name":"Catarina Cerca","author_url":"https:\/\/www.jb.pt\/author\/catarina\/","title":"Cantanhede: Secret\u00e1rio de Estado das Florestas voltou \u00e0 Tocha - Jornal da Bairrada","type":"rich","width":600,"height":338,"html":"<blockquote class=\"wp-embedded-content\" data-secret=\"AIuXlQv2w4\"><a href=\"https:\/\/www.jb.pt\/2019\/02\/cantanhede-secretario-de-estado-das-florestas-voltou-a-tocha\/\">Cantanhede: Secret\u00e1rio de Estado das Florestas voltou \u00e0 Tocha<\/a><\/blockquote><iframe sandbox=\"allow-scripts\" security=\"restricted\" src=\"https:\/\/www.jb.pt\/2019\/02\/cantanhede-secretario-de-estado-das-florestas-voltou-a-tocha\/embed\/#?secret=AIuXlQv2w4\" width=\"600\" height=\"338\" title=\"&#8220;Cantanhede: Secret\u00e1rio de Estado das Florestas voltou \u00e0 Tocha&#8221; &#8212; Jornal da Bairrada\" data-secret=\"AIuXlQv2w4\" frameborder=\"0\" marginwidth=\"0\" marginheight=\"0\" scrolling=\"no\" class=\"wp-embedded-content\"><\/iframe><script type=\"text\/javascript\">\n\/* <![CDATA[ *\/\n\/*! This file is auto-generated *\/\n!function(d,l){\"use strict\";l.querySelector&&d.addEventListener&&\"undefined\"!=typeof URL&&(d.wp=d.wp||{},d.wp.receiveEmbedMessage||(d.wp.receiveEmbedMessage=function(e){var t=e.data;if((t||t.secret||t.message||t.value)&&!\/[^a-zA-Z0-9]\/.test(t.secret)){for(var s,r,n,a=l.querySelectorAll('iframe[data-secret=\"'+t.secret+'\"]'),o=l.querySelectorAll('blockquote[data-secret=\"'+t.secret+'\"]'),c=new RegExp(\"^https?:$\",\"i\"),i=0;i<o.length;i++)o[i].style.display=\"none\";for(i=0;i<a.length;i++)s=a[i],e.source===s.contentWindow&&(s.removeAttribute(\"style\"),\"height\"===t.message?(1e3<(r=parseInt(t.value,10))?r=1e3:~~r<200&&(r=200),s.height=r):\"link\"===t.message&&(r=new URL(s.getAttribute(\"src\")),n=new URL(t.value),c.test(n.protocol))&&n.host===r.host&&l.activeElement===s&&(d.top.location.href=t.value))}},d.addEventListener(\"message\",d.wp.receiveEmbedMessage,!1),l.addEventListener(\"DOMContentLoaded\",function(){for(var e,t,s=l.querySelectorAll(\"iframe.wp-embedded-content\"),r=0;r<s.length;r++)(t=(e=s[r]).getAttribute(\"data-secret\"))||(t=Math.random().toString(36).substring(2,12),e.src+=\"#?secret=\"+t,e.setAttribute(\"data-secret\",t)),e.contentWindow.postMessage({message:\"ready\",secret:t},\"*\")},!1)))}(window,document);\n\/\/# sourceURL=https:\/\/www.jb.pt\/wp-includes\/js\/wp-embed.min.js\n\/* ]]> *\/\n<\/script>\n","thumbnail_url":"https:\/\/www.jb.pt\/wp-content\/uploads\/2019\/02\/tocha_floresta.jpg","thumbnail_width":1024,"thumbnail_height":458,"description":"O Secret\u00e1rio de Estado das Florestas e do Desenvolvimento Rural, Miguel Jo\u00e3o de Freitas, esteve na Tocha, no s\u00e1bado, a assinalar o in\u00edcio de mais uma a\u00e7\u00e3o de refloresta\u00e7\u00e3o nesta freguesia. J\u00e1 em abril do ano passado, este membro do governo participara numa iniciativa de reposi\u00e7\u00e3o de 12 hectares da mancha florestal devastada pelo inc\u00eandio [&hellip;]"}