{"version":"1.0","provider_name":"Jornal da Bairrada","provider_url":"https:\/\/www.jb.pt","author_name":"Reda\u00e7\u00e3o","author_url":"https:\/\/www.jb.pt\/author\/bairrada-2\/","title":"\"Ecos d'Adega\" anima \"\u00c0s Sextas na Pra\u00e7a\" em Anadia - Jornal da Bairrada","type":"rich","width":600,"height":338,"html":"<blockquote class=\"wp-embedded-content\" data-secret=\"o2w8iE5fKN\"><a href=\"https:\/\/www.jb.pt\/2024\/08\/ecos-dadega-anima-as-sextas-na-praca-em-anadia\/\">&#8220;Ecos d&#8217;Adega&#8221; anima &#8220;\u00c0s Sextas na Pra\u00e7a&#8221; em Anadia<\/a><\/blockquote><iframe sandbox=\"allow-scripts\" security=\"restricted\" src=\"https:\/\/www.jb.pt\/2024\/08\/ecos-dadega-anima-as-sextas-na-praca-em-anadia\/embed\/#?secret=o2w8iE5fKN\" width=\"600\" height=\"338\" title=\"&#8220;&#8220;Ecos d&#8217;Adega&#8221; anima &#8220;\u00c0s Sextas na Pra\u00e7a&#8221; em Anadia&#8221; &#8212; Jornal da Bairrada\" data-secret=\"o2w8iE5fKN\" frameborder=\"0\" marginwidth=\"0\" marginheight=\"0\" scrolling=\"no\" class=\"wp-embedded-content\"><\/iframe><script type=\"text\/javascript\">\n\/* <![CDATA[ *\/\n\/*! This file is auto-generated *\/\n!function(d,l){\"use strict\";l.querySelector&&d.addEventListener&&\"undefined\"!=typeof URL&&(d.wp=d.wp||{},d.wp.receiveEmbedMessage||(d.wp.receiveEmbedMessage=function(e){var t=e.data;if((t||t.secret||t.message||t.value)&&!\/[^a-zA-Z0-9]\/.test(t.secret)){for(var s,r,n,a=l.querySelectorAll('iframe[data-secret=\"'+t.secret+'\"]'),o=l.querySelectorAll('blockquote[data-secret=\"'+t.secret+'\"]'),c=new RegExp(\"^https?:$\",\"i\"),i=0;i<o.length;i++)o[i].style.display=\"none\";for(i=0;i<a.length;i++)s=a[i],e.source===s.contentWindow&&(s.removeAttribute(\"style\"),\"height\"===t.message?(1e3<(r=parseInt(t.value,10))?r=1e3:~~r<200&&(r=200),s.height=r):\"link\"===t.message&&(r=new URL(s.getAttribute(\"src\")),n=new URL(t.value),c.test(n.protocol))&&n.host===r.host&&l.activeElement===s&&(d.top.location.href=t.value))}},d.addEventListener(\"message\",d.wp.receiveEmbedMessage,!1),l.addEventListener(\"DOMContentLoaded\",function(){for(var e,t,s=l.querySelectorAll(\"iframe.wp-embedded-content\"),r=0;r<s.length;r++)(t=(e=s[r]).getAttribute(\"data-secret\"))||(t=Math.random().toString(36).substring(2,12),e.src+=\"#?secret=\"+t,e.setAttribute(\"data-secret\",t)),e.contentWindow.postMessage({message:\"ready\",secret:t},\"*\")},!1)))}(window,document);\n\/\/# sourceURL=https:\/\/www.jb.pt\/wp-includes\/js\/wp-embed.min.js\n\/* ]]> *\/\n<\/script>\n","thumbnail_url":"https:\/\/www.jb.pt\/wp-content\/uploads\/2023\/08\/sextas-na-praca.jpg","thumbnail_width":1200,"thumbnail_height":630,"description":"O programa de anima\u00e7\u00e3o &#8220;\u00c0s Sextas na Pra\u00e7a&#8221; prossegue na pr\u00f3xima sexta-feira, 23 de agosto, com a atua\u00e7\u00e3o do grupo \u201cEcos d\u2019Adega\u201d, a partir das 22h00, na Pra\u00e7a da Juventude, em Anadia. Criada no in\u00edcio dos anos 90, os \u201cEcos d\u2019Adega\u201d \u00e9 uma das bandas mais duradouras da Bairrada, cujos membros se mant\u00eam unidos pelo [&hellip;]"}